{"id":267,"date":"2013-03-05T22:45:22","date_gmt":"2013-03-05T22:45:22","guid":{"rendered":"http:\/\/psicologia.faccat.br\/blog\/?page_id=267"},"modified":"2018-06-08T19:55:16","modified_gmt":"2018-06-08T19:55:16","slug":"extensao","status":"publish","type":"page","link":"https:\/\/psicologia.faccat.br\/blog\/formacao\/extensao\/","title":{"rendered":"Extens\u00e3o"},"content":{"rendered":"<div>\n<div>\n<p>Os programas de extens\u00e3o das Faculdades Integradas de Taquara \u2013 Faccat visam \u00e0 complementa\u00e7\u00e3o e ou \u00e0 aquisi\u00e7\u00e3o de conhecimentos em diversas \u00e1reas, atingindo uma ampla gama de \u00e1reas de conhecimento. S\u00e3o promovidos pela Vice-Dire\u00e7\u00e3o de Extens\u00e3o e Assuntos Comunit\u00e1rios em parceria com a Coordena\u00e7\u00e3o do Curso de Psicologia. As diversas propostas s\u00e3o apresentadas semestralmente e envolvem atividades como cursos, oficinas, semin\u00e1rios, encontros, palestras, exposi\u00e7\u00f5es, concursos, workshops, dentre outros.<\/p>\n<p>Al\u00e9m das pr\u00e1ticas de extens\u00e3o descritas nos documentos institucionais e nos relat\u00f3rios anuais, o Curso de Psicologia da Faccat busca oferecer aos alunos, professores e \u00e0 comunidade diferentes atividades de extens\u00e3o, mediante cursos e projetos executados com a comunidade, atrav\u00e9s da Vice-Dire\u00e7\u00e3o de Extens\u00e3o e Assuntos Comunit\u00e1rios. Esses cursos de extens\u00e3o s\u00e3o promovidos com a finalidade de atender \u00e0 demanda trazida diretamente pelo corpo discente e pelos profissionais da regi\u00e3o em diferentes \u00e1reas do conhecimento \u2013 a partir de lista de interesse \u2013 e de fornecer fundamenta\u00e7\u00e3o te\u00f3rico-pr\u00e1tica \u00e0s a\u00e7\u00f5es de interven\u00e7\u00e3o comunit\u00e1ria, instrumentalizando-os tecnicamente. Atrav\u00e9s dessa iniciativa, os alunos t\u00eam a oportunidade de trazer sugest\u00f5es quanto aos conte\u00fados que dever\u00e3o compor os cursos ofertados e podem indicar profissionais para ministrar essas atividades.<\/p>\n<p>As atividades de extens\u00e3o comunit\u00e1ria s\u00e3o realizadas mediante articula\u00e7\u00f5es entre a Vice-Dire\u00e7\u00e3o de Extens\u00e3o e Assuntos Comunit\u00e1rios, o Curso de Psicologia e a comunidade regional. As a\u00e7\u00f5es s\u00e3o coordenadas pelo Centro de Servi\u00e7os em Psicologia (Cesep) ou por projetos de pesquisa conduzidos por professores do curso com carga hor\u00e1ria destinada para essa finalidade. Compreendem interven\u00e7\u00f5es que objetivam a promo\u00e7\u00e3o de sa\u00fade nos mais variados campos de atua\u00e7\u00e3o do psic\u00f3logo. Em conson\u00e2ncia com os objetivos do Curso de Psicologia da Faccat, as interven\u00e7\u00f5es s\u00e3o realizadas mediante articula\u00e7\u00e3o entre ensino e pesquisa, atrav\u00e9s de atividades de mapeamento de necessidades e proposi\u00e7\u00e3o de alternativas para o enfrentamento de dificuldades da comunidade.<\/p>\n<p>Diversas a\u00e7\u00f5es s\u00e3o articuladas a partir do levantamento de necessidades e caracter\u00edsticas apresentadas pelo contexto regional. Essas interven\u00e7\u00f5es contribuem significativamente para a concretiza\u00e7\u00e3o do perfil do egresso, baseando-se em compet\u00eancias e habilidades profissionais que exigem o estabelecimento de novas perspectivas e a\u00e7\u00f5es.<\/p>\n<p>As a\u00e7\u00f5es de extens\u00e3o s\u00e3o desenvolvidas junto \u00e0 comunidade local atrav\u00e9s de palestras, de interven\u00e7\u00f5es breves ou cont\u00ednuas de promo\u00e7\u00e3o \u00e0 sa\u00fade mental, de atividades de orienta\u00e7\u00e3o profissional e da realiza\u00e7\u00e3o de pesquisas. Ampliando as possibilidades de inser\u00e7\u00e3o da Psicologia, o curso desenvolve a\u00e7\u00f5es em institui\u00e7\u00f5es educativas, de assist\u00eancia social e de sa\u00fade, entre outras. H\u00e1 uma preocupa\u00e7\u00e3o em se manterem a\u00e7\u00f5es junto \u00e0 comunidades formadas por pessoas em situa\u00e7\u00e3o de vulnerabilidade social. Nesse contexto, \u00e9 percebida como urgente a interven\u00e7\u00e3o com foco na promo\u00e7\u00e3o de sa\u00fade, capacitando a popula\u00e7\u00e3o para o exerc\u00edcio de sua cidadania, aquisi\u00e7\u00e3o de novos h\u00e1bitos de vida e para uma conviv\u00eancia multicultural, baseada no respeito \u00e0 diferen\u00e7a.<\/p>\n<p>O Cesep, como campo principal de a\u00e7\u00f5es de extens\u00e3o comunit\u00e1ria do Curso de Psicologia, articula programas de extens\u00e3o comunit\u00e1ria em localidades carentes de servi\u00e7os de atendimento \u00e0s demandas sociais b\u00e1sicas. A inser\u00e7\u00e3o dos acad\u00eamicos na comunidade d\u00e1-se atrav\u00e9s da realiza\u00e7\u00e3o de a\u00e7\u00f5es de interven\u00e7\u00e3o em escolas, postos de sa\u00fade, entre outros, planejadas durante os est\u00e1gios b\u00e1sicos e profissionais e executadas mediante supervis\u00e3o dos docentes do curso.<\/p>\n<p>O Curso de Psicologia da Faccat, atrav\u00e9s das a\u00e7\u00f5es desenvolvidas pelo Cesep e de pesquisas, preconiza a manuten\u00e7\u00e3o de interc\u00e2mbio com outras institui\u00e7\u00f5es. Buscam-se continuamente parcerias com centros de sa\u00fade, conselhos tutelares e redes de apoio social, uma vez que essas institui\u00e7\u00f5es desenvolvem projetos com finalidades semelhantes \u00e0s propostas pelo curso.<\/p>\n<p>As atividades de extens\u00e3o est\u00e3o em conson\u00e2ncia com o C\u00f3digo de \u00c9tica Profissional do Psic\u00f3logo, tanto no detalhamento das interven\u00e7\u00f5es propostas, quanto na condu\u00e7\u00e3o das atividades. H\u00e1 uma preocupa\u00e7\u00e3o com o encaminhamento de participantes aos servi\u00e7os de assist\u00eancia m\u00e9dica, social, psicol\u00f3gica ou jur\u00eddica quando surgem quest\u00f5es que ultrapassem a abrang\u00eancia das proposi\u00e7\u00f5es da extens\u00e3o. Esses servi\u00e7os s\u00e3o oferecidos mediante parcerias e a\u00e7\u00f5es em rede (Cesep, Posto de Sa\u00fade, Promotoria da Inf\u00e2ncia e Juventude, por exemplo).<\/p>\n<p>Entende-se que as atividades de extens\u00e3o permitem a atua\u00e7\u00e3o do futuro psic\u00f3logo junto \u00e0 comunidade, contribuindo com o processo de forma\u00e7\u00e3o para a constru\u00e7\u00e3o de uma realidade social mais humana. As a\u00e7\u00f5es pressup\u00f5em o compromisso dos acad\u00eamicos de Psicologia com os sujeitos e processos envolvidos na trama social, fornecendo subs\u00eddios para seu crescimento pessoal e profissional.<\/p>\n<p>As atividades de extens\u00e3o comunit\u00e1ria privilegiam a \u00eanfase no desenvolvimento nos acad\u00eamicos das compet\u00eancias almejadas pelo Projeto Pedag\u00f3gico do Curso, minimizando aspectos cl\u00ednicos e enfatizando uma avalia\u00e7\u00e3o sistem\u00e1tica do contexto que fundamente o planejamento de interven\u00e7\u00f5es em v\u00e1rios n\u00edveis sociais. Sendo assim, a promo\u00e7\u00e3o de sa\u00fade \u00e9 pautada na perspectiva interdisciplinar, compreendendo a import\u00e2ncia de integrar os diferentes elementos que comp\u00f5em a comunidade.<\/p>\n<p>O Curso de Psicologia da Faccat mant\u00e9m-se comprometido com a melhoria da qualidade de vida de toda a popula\u00e7\u00e3o, envolvendo-se tamb\u00e9m em projetos amplos, como o estabelecimento de pol\u00edticas p\u00fablicas no pa\u00eds. Al\u00e9m disso, tamb\u00e9m busca participar de eventos promovidos pela comunidade do Vale do Paranhana e projetos de \u00e2mbito nacional, disponibilizando servi\u00e7os de aten\u00e7\u00e3o \u00e0 sa\u00fade em feiras, encontros regionais, assim como em parcerias de trabalho com outras institui\u00e7\u00f5es do Estado.<\/p>\n<\/div>\n<p><a href=\"https:\/\/saga2.faccat.br\/index.php?op=1387#!\">Portal da extens\u00e3o<\/a><\/p>\n<\/div>\n<!-- AddThis Advanced Settings generic via filter on the_content --><!-- AddThis Share Buttons generic via filter on the_content -->","protected":false},"excerpt":{"rendered":"<p>Os programas de extens\u00e3o das Faculdades Integradas de Taquara \u2013 Faccat visam \u00e0 complementa\u00e7\u00e3o e ou \u00e0 aquisi\u00e7\u00e3o de conhecimentos em diversas \u00e1reas, atingindo uma ampla gama de \u00e1reas de conhecimento. S\u00e3o promovidos pela Vice-Dire\u00e7\u00e3o de Extens\u00e3o e Assuntos Comunit\u00e1rios em parceria com a Coordena\u00e7\u00e3o do Curso de Psicologia. As diversas propostas s\u00e3o apresentadas semestralmente &hellip; <a href=\"https:\/\/psicologia.faccat.br\/blog\/formacao\/extensao\/\" class=\"more-link\">Continue lendo<span class=\"screen-reader-text\"> &#8220;Extens\u00e3o&#8221;<\/span><\/a><!-- AddThis Advanced Settings generic via filter on get_the_excerpt --><!-- AddThis Share Buttons generic via filter on get_the_excerpt --><\/p>\n","protected":false},"author":4,"featured_media":0,"parent":9,"menu_order":0,"comment_status":"open","ping_status":"open","template":"","meta":{"footnotes":""},"class_list":["post-267","page","type-page","status-publish","hentry"],"_links":{"self":[{"href":"https:\/\/psicologia.faccat.br\/blog\/wp-json\/wp\/v2\/pages\/267","targetHints":{"allow":["GET"]}}],"collection":[{"href":"https:\/\/psicologia.faccat.br\/blog\/wp-json\/wp\/v2\/pages"}],"about":[{"href":"https:\/\/psicologia.faccat.br\/blog\/wp-json\/wp\/v2\/types\/page"}],"author":[{"embeddable":true,"href":"https:\/\/psicologia.faccat.br\/blog\/wp-json\/wp\/v2\/users\/4"}],"replies":[{"embeddable":true,"href":"https:\/\/psicologia.faccat.br\/blog\/wp-json\/wp\/v2\/comments?post=267"}],"version-history":[{"count":3,"href":"https:\/\/psicologia.faccat.br\/blog\/wp-json\/wp\/v2\/pages\/267\/revisions"}],"predecessor-version":[{"id":6387,"href":"https:\/\/psicologia.faccat.br\/blog\/wp-json\/wp\/v2\/pages\/267\/revisions\/6387"}],"up":[{"embeddable":true,"href":"https:\/\/psicologia.faccat.br\/blog\/wp-json\/wp\/v2\/pages\/9"}],"wp:attachment":[{"href":"https:\/\/psicologia.faccat.br\/blog\/wp-json\/wp\/v2\/media?parent=267"}],"curies":[{"name":"wp","href":"https:\/\/api.w.org\/{rel}","templated":true}]}}